{"id":87,"date":"2020-02-24T21:20:18","date_gmt":"2020-02-24T21:20:18","guid":{"rendered":"http:\/\/flordearagon.es\/?page_id=87"},"modified":"2020-02-26T21:30:20","modified_gmt":"2020-02-26T21:30:20","slug":"borrador-automatico","status":"publish","type":"page","link":"https:\/\/flordearagon.es\/?page_id=87","title":{"rendered":"Nuestra historia"},"content":{"rendered":"<div class=\"vce-row-container\"><div class=\"vce-row vce-row--col-gap-30 vce-row-columns--top vce-row-content--top\" id=\"el-609cff0e\" data-vce-do-apply=\"all el-609cff0e\"><div class=\"vce-row-content\" data-vce-element-content=\"true\"><div class=\"vce-col vce-col--md-auto vce-col--xs-1 vce-col--xs-last vce-col--xs-first vce-col--sm-last vce-col--sm-first vce-col--md-first vce-col--lg-first vce-col--xl-first\" id=\"el-7b6d02f1\"><div class=\"vce-col-inner\" data-vce-do-apply=\"border margin background  el-7b6d02f1\"><div class=\"vce-col-content\" data-vce-element-content=\"true\" data-vce-do-apply=\"padding el-7b6d02f1\"><div class=\"vce-single-image-container vce-single-image--align-left\"><div class=\"vce vce-single-image-wrapper\" id=\"el-7bfddf1b\" data-vce-do-apply=\"all el-7bfddf1b\"><figure><div class=\"vce-single-image-inner vce-single-image--absolute\" style=\"padding-bottom: 66.3333%; width: 300px;\"><img class=\"vce-single-image\" width=\"300\" height=\"199\"src=\"https:\/\/flordearagon.es\/wp-content\/uploads\/2020\/02\/photo-1473973266408-ed4e27abdd47-300x199.jpg\" srcset=\"https:\/\/flordearagon.es\/wp-content\/uploads\/2020\/02\/photo-1473973266408-ed4e27abdd47-300x199.jpg 300w\" data-img-src=\"https:\/\/flordearagon.es\/wp-content\/uploads\/2020\/02\/photo-1473973266408-ed4e27abdd47.jpg\" alt=\"\" title=\"photo-1473973266408-ed4e27abdd47\"\/><\/div><\/figure><\/div><\/div><\/div><\/div><\/div><div class=\"vce-col vce-col--md-auto vce-col--xs-1 vce-col--xs-last vce-col--xs-first vce-col--sm-last vce-col--sm-first\" id=\"el-9727440b\"><div class=\"vce-col-inner\" data-vce-do-apply=\"border margin background  el-9727440b\"><div class=\"vce-col-content\" data-vce-element-content=\"true\" data-vce-do-apply=\"padding el-9727440b\"><div class=\"vce-single-image-container vce-single-image--align-left\"><div class=\"vce vce-single-image-wrapper\" id=\"el-dee35faa\" data-vce-do-apply=\"all el-dee35faa\"><figure><div class=\"vce-single-image-inner vce-single-image--absolute\" style=\"padding-bottom: 75%; width: 300px;\"><img class=\"vce-single-image\" width=\"300\" height=\"225\"src=\"https:\/\/flordearagon.es\/wp-content\/uploads\/2020\/02\/IMG_20200224_130501-1-300x225.jpg\" srcset=\"https:\/\/flordearagon.es\/wp-content\/uploads\/2020\/02\/IMG_20200224_130501-1-300x225.jpg 300w\" data-img-src=\"https:\/\/flordearagon.es\/wp-content\/uploads\/2020\/02\/IMG_20200224_130501-1.jpg\" alt=\"\" title=\"IMG_20200224_130501\"\/><\/div><\/figure><\/div><\/div><\/div><\/div><\/div><div class=\"vce-col vce-col--md-auto vce-col--xs-1 vce-col--xs-last vce-col--xs-first vce-col--sm-last vce-col--sm-first vce-col--md-last vce-col--lg-last vce-col--xl-last\" id=\"el-27335086\"><div class=\"vce-col-inner\" data-vce-do-apply=\"border margin background  el-27335086\"><div class=\"vce-col-content\" data-vce-element-content=\"true\" data-vce-do-apply=\"padding el-27335086\"><div class=\"vce-single-image-container vce-single-image--align-left\"><div class=\"vce vce-single-image-wrapper\" id=\"el-199632d2\" data-vce-do-apply=\"all el-199632d2\"><figure><div class=\"vce-single-image-inner vce-single-image--absolute\" style=\"padding-bottom: 72.3333%; width: 300px;\"><img class=\"vce-single-image\" width=\"300\" height=\"217\"src=\"https:\/\/flordearagon.es\/wp-content\/uploads\/2020\/02\/IMG_20200222_175503-300x217.jpg\" srcset=\"https:\/\/flordearagon.es\/wp-content\/uploads\/2020\/02\/IMG_20200222_175503-300x217.jpg 300w\" data-img-src=\"https:\/\/flordearagon.es\/wp-content\/uploads\/2020\/02\/IMG_20200222_175503.jpg\" alt=\"\" title=\"IMG_20200222_175503\"\/><\/div><\/figure><\/div><\/div><\/div><\/div><\/div><\/div><\/div><\/div><div class=\"vce-row-container\"><div class=\"vce-row vce-row--col-gap-30 vce-row-columns--top vce-row-content--top\" id=\"el-9f0edb60\" data-vce-do-apply=\"all el-9f0edb60\"><div class=\"vce-row-content\" data-vce-element-content=\"true\"><div class=\"vce-col\" id=\"el-01cc09c9\"><div class=\"vce-col-inner\" data-vce-do-apply=\"border margin background  el-01cc09c9\"><div class=\"vce-col-content\" data-vce-element-content=\"true\" data-vce-do-apply=\"padding el-01cc09c9\"><div class=\"vce-text-block\"><div class=\"vce-text-block-wrapper vce\" id=\"el-1aa1bea2\" data-vce-do-apply=\"all el-1aa1bea2\"><p style=\"line-height: 1.5; letter-spacing: inherit;\"><strong><span style=\"font-style: normal; font-family: 'Rouge Script'; font-size: 24pt;\">En 1957 nuestro abuelo Conrado empez\u00f3 a fabricarse sus propias colmenas con mucha paciencia y fue instal\u00e1ndolas en un colmenar ubicado en la Sierra de Tardienta, colmenar que todav\u00eda mantenemos .<\/span><\/strong><\/p><p style=\"line-height: 1.5; letter-spacing: inherit;\"><strong><span style=\"font-style: normal; font-family: 'Rouge Script'; font-size: 24pt;\">Hasta que en los 70 su hijo \u00c1ngel fue ampliando el n\u00famero de colmenas y utilizando nuevos asentamientos en pueblos lim\u00edtrofes. Tambi\u00e9n comenz\u00f3 a transportar las colmenas en \u00e9pocas de sequ\u00eda buscando otras floraciones.<\/span><\/strong><\/p><p style=\"line-height: 1.5; letter-spacing: inherit;\"><strong><span style=\"font-style: normal; font-family: 'Rouge Script'; font-size: 24pt;\">Durante d\u00e9cadas nuestra miel ha sido conocida en las zonas cercanas y como productores hemos vendido nuestro producto en el domicilio familiar.<\/span><\/strong><\/p><p style=\"line-height: 1.5; letter-spacing: inherit;\"><strong><span style=\"font-style: normal; font-family: 'Rouge Script'; font-size: 24pt; letter-spacing: inherit;\">Ahora ya la tercera generaci\u00f3n y ante la demanda creciente de miel directa del apicultor hemos dado el paso a crear nuestra propia marca \"Flor de Arag\u00f3n\" para llegar a m\u00e1s consumidores y que puedan apreciar la calidad de nuestra miel.<\/span><\/strong><\/p><p style=\"line-height: 1.5;\"><span style=\"font-weight: 400; font-style: normal; font-size: 24pt; letter-spacing: inherit; font-family: 'Rouge Script';\">&nbsp;<\/span><\/p><\/div><\/div><\/div><\/div><\/div><\/div><\/div><\/div>\n","protected":false},"excerpt":{"rendered":"<p>En 1957 nuestro abuelo Conrado empez\u00f3 a fabricarse sus propias colmenas con mucha paciencia y fue instal\u00e1ndolas en un colmenar ubicado en la Sierra de Tardienta, colmenar que todav\u00eda mantenemos .Hasta que en los 70 su hijo \u00c1ngel fue ampliando el n\u00famero de colmenas y utilizando nuevos asentamientos en pueblos lim\u00edtrofes. Tambi\u00e9n comenz\u00f3 a transportar [&hellip;]<\/p>\n","protected":false},"author":1,"featured_media":0,"parent":0,"menu_order":0,"comment_status":"closed","ping_status":"closed","template":"","meta":{"footnotes":""},"class_list":["post-87","page","type-page","status-publish","hentry"],"yoast_head":"<!-- This site is optimized with the Yoast SEO plugin v18.1 - https:\/\/yoast.com\/wordpress\/plugins\/seo\/ -->\n<title>Nuestra historia - Flor de Arag\u00f3n<\/title>\n<meta name=\"description\" content=\"miel cruda venta artesana Arag\u00f3n\" \/>\n<meta name=\"robots\" content=\"index, follow, max-snippet:-1, max-image-preview:large, max-video-preview:-1\" \/>\n<link rel=\"canonical\" href=\"https:\/\/flordearagon.es\/?page_id=87\" \/>\n<meta property=\"og:locale\" content=\"es_ES\" \/>\n<meta property=\"og:type\" content=\"article\" \/>\n<meta property=\"og:title\" content=\"Nuestra historia - Flor de Arag\u00f3n\" \/>\n<meta property=\"og:description\" content=\"miel cruda venta artesana Arag\u00f3n\" \/>\n<meta property=\"og:url\" content=\"https:\/\/flordearagon.es\/?page_id=87\" \/>\n<meta property=\"og:site_name\" content=\"Flor de Arag\u00f3n\" \/>\n<meta property=\"article:modified_time\" content=\"2020-02-26T21:30:20+00:00\" \/>\n<meta property=\"og:image\" content=\"http:\/\/|!|vcvUploadUrl|!|\/2020\/02\/photo-1473973266408-ed4e27abdd47-300x199.jpg\" \/>\n<meta name=\"twitter:card\" content=\"summary_large_image\" \/>\n<meta name=\"twitter:label1\" content=\"Tiempo de lectura\" \/>\n\t<meta name=\"twitter:data1\" content=\"1 minuto\" \/>\n<script type=\"application\/ld+json\" class=\"yoast-schema-graph\">{\"@context\":\"https:\/\/schema.org\",\"@graph\":[{\"@type\":\"Organization\",\"@id\":\"https:\/\/flordearagon.es\/#organization\",\"name\":\"Flor de Arag\u00f3n\",\"url\":\"https:\/\/flordearagon.es\/\",\"sameAs\":[],\"logo\":{\"@type\":\"ImageObject\",\"@id\":\"https:\/\/flordearagon.es\/#logo\",\"inLanguage\":\"es\",\"url\":\"https:\/\/flordearagon.es\/wp-content\/uploads\/2020\/02\/FlorDeAragonFamiliaVidal-1.png\",\"contentUrl\":\"https:\/\/flordearagon.es\/wp-content\/uploads\/2020\/02\/FlorDeAragonFamiliaVidal-1.png\",\"width\":600,\"height\":600,\"caption\":\"Flor de Arag\u00f3n\"},\"image\":{\"@id\":\"https:\/\/flordearagon.es\/#logo\"}},{\"@type\":\"WebSite\",\"@id\":\"https:\/\/flordearagon.es\/#website\",\"url\":\"https:\/\/flordearagon.es\/\",\"name\":\"Flor de Arag\u00f3n\",\"description\":\"Miel artesana de cosecha propia\",\"publisher\":{\"@id\":\"https:\/\/flordearagon.es\/#organization\"},\"potentialAction\":[{\"@type\":\"SearchAction\",\"target\":{\"@type\":\"EntryPoint\",\"urlTemplate\":\"https:\/\/flordearagon.es\/?s={search_term_string}\"},\"query-input\":\"required name=search_term_string\"}],\"inLanguage\":\"es\"},{\"@type\":\"ImageObject\",\"@id\":\"https:\/\/flordearagon.es\/?page_id=87#primaryimage\",\"inLanguage\":\"es\",\"url\":\"|!|vcvUploadUrl|!|\/2020\/02\/photo-1473973266408-ed4e27abdd47-300x199.jpg\",\"contentUrl\":\"|!|vcvUploadUrl|!|\/2020\/02\/photo-1473973266408-ed4e27abdd47-300x199.jpg\"},{\"@type\":\"WebPage\",\"@id\":\"https:\/\/flordearagon.es\/?page_id=87#webpage\",\"url\":\"https:\/\/flordearagon.es\/?page_id=87\",\"name\":\"Nuestra historia - Flor de Arag\u00f3n\",\"isPartOf\":{\"@id\":\"https:\/\/flordearagon.es\/#website\"},\"primaryImageOfPage\":{\"@id\":\"https:\/\/flordearagon.es\/?page_id=87#primaryimage\"},\"datePublished\":\"2020-02-24T21:20:18+00:00\",\"dateModified\":\"2020-02-26T21:30:20+00:00\",\"description\":\"miel cruda venta artesana Arag\u00f3n\",\"breadcrumb\":{\"@id\":\"https:\/\/flordearagon.es\/?page_id=87#breadcrumb\"},\"inLanguage\":\"es\",\"potentialAction\":[{\"@type\":\"ReadAction\",\"target\":[\"https:\/\/flordearagon.es\/?page_id=87\"]}]},{\"@type\":\"BreadcrumbList\",\"@id\":\"https:\/\/flordearagon.es\/?page_id=87#breadcrumb\",\"itemListElement\":[{\"@type\":\"ListItem\",\"position\":1,\"name\":\"Portada\",\"item\":\"https:\/\/flordearagon.es\/\"},{\"@type\":\"ListItem\",\"position\":2,\"name\":\"Nuestra historia\"}]}]}<\/script>\n<!-- \/ Yoast SEO plugin. -->","yoast_head_json":{"title":"Nuestra historia - Flor de Arag\u00f3n","description":"miel cruda venta artesana Arag\u00f3n","robots":{"index":"index","follow":"follow","max-snippet":"max-snippet:-1","max-image-preview":"max-image-preview:large","max-video-preview":"max-video-preview:-1"},"canonical":"https:\/\/flordearagon.es\/?page_id=87","og_locale":"es_ES","og_type":"article","og_title":"Nuestra historia - Flor de Arag\u00f3n","og_description":"miel cruda venta artesana Arag\u00f3n","og_url":"https:\/\/flordearagon.es\/?page_id=87","og_site_name":"Flor de Arag\u00f3n","article_modified_time":"2020-02-26T21:30:20+00:00","og_image":[{"url":"|!|vcvUploadUrl|!|\/2020\/02\/photo-1473973266408-ed4e27abdd47-300x199.jpg"}],"twitter_card":"summary_large_image","twitter_misc":{"Tiempo de lectura":"1 minuto"},"schema":{"@context":"https:\/\/schema.org","@graph":[{"@type":"Organization","@id":"https:\/\/flordearagon.es\/#organization","name":"Flor de Arag\u00f3n","url":"https:\/\/flordearagon.es\/","sameAs":[],"logo":{"@type":"ImageObject","@id":"https:\/\/flordearagon.es\/#logo","inLanguage":"es","url":"https:\/\/flordearagon.es\/wp-content\/uploads\/2020\/02\/FlorDeAragonFamiliaVidal-1.png","contentUrl":"https:\/\/flordearagon.es\/wp-content\/uploads\/2020\/02\/FlorDeAragonFamiliaVidal-1.png","width":600,"height":600,"caption":"Flor de Arag\u00f3n"},"image":{"@id":"https:\/\/flordearagon.es\/#logo"}},{"@type":"WebSite","@id":"https:\/\/flordearagon.es\/#website","url":"https:\/\/flordearagon.es\/","name":"Flor de Arag\u00f3n","description":"Miel artesana de cosecha propia","publisher":{"@id":"https:\/\/flordearagon.es\/#organization"},"potentialAction":[{"@type":"SearchAction","target":{"@type":"EntryPoint","urlTemplate":"https:\/\/flordearagon.es\/?s={search_term_string}"},"query-input":"required name=search_term_string"}],"inLanguage":"es"},{"@type":"ImageObject","@id":"https:\/\/flordearagon.es\/?page_id=87#primaryimage","inLanguage":"es","url":"|!|vcvUploadUrl|!|\/2020\/02\/photo-1473973266408-ed4e27abdd47-300x199.jpg","contentUrl":"|!|vcvUploadUrl|!|\/2020\/02\/photo-1473973266408-ed4e27abdd47-300x199.jpg"},{"@type":"WebPage","@id":"https:\/\/flordearagon.es\/?page_id=87#webpage","url":"https:\/\/flordearagon.es\/?page_id=87","name":"Nuestra historia - Flor de Arag\u00f3n","isPartOf":{"@id":"https:\/\/flordearagon.es\/#website"},"primaryImageOfPage":{"@id":"https:\/\/flordearagon.es\/?page_id=87#primaryimage"},"datePublished":"2020-02-24T21:20:18+00:00","dateModified":"2020-02-26T21:30:20+00:00","description":"miel cruda venta artesana Arag\u00f3n","breadcrumb":{"@id":"https:\/\/flordearagon.es\/?page_id=87#breadcrumb"},"inLanguage":"es","potentialAction":[{"@type":"ReadAction","target":["https:\/\/flordearagon.es\/?page_id=87"]}]},{"@type":"BreadcrumbList","@id":"https:\/\/flordearagon.es\/?page_id=87#breadcrumb","itemListElement":[{"@type":"ListItem","position":1,"name":"Portada","item":"https:\/\/flordearagon.es\/"},{"@type":"ListItem","position":2,"name":"Nuestra historia"}]}]}},"_links":{"self":[{"href":"https:\/\/flordearagon.es\/index.php?rest_route=\/wp\/v2\/pages\/87","targetHints":{"allow":["GET"]}}],"collection":[{"href":"https:\/\/flordearagon.es\/index.php?rest_route=\/wp\/v2\/pages"}],"about":[{"href":"https:\/\/flordearagon.es\/index.php?rest_route=\/wp\/v2\/types\/page"}],"author":[{"embeddable":true,"href":"https:\/\/flordearagon.es\/index.php?rest_route=\/wp\/v2\/users\/1"}],"replies":[{"embeddable":true,"href":"https:\/\/flordearagon.es\/index.php?rest_route=%2Fwp%2Fv2%2Fcomments&post=87"}],"version-history":[{"count":10,"href":"https:\/\/flordearagon.es\/index.php?rest_route=\/wp\/v2\/pages\/87\/revisions"}],"predecessor-version":[{"id":215,"href":"https:\/\/flordearagon.es\/index.php?rest_route=\/wp\/v2\/pages\/87\/revisions\/215"}],"wp:attachment":[{"href":"https:\/\/flordearagon.es\/index.php?rest_route=%2Fwp%2Fv2%2Fmedia&parent=87"}],"curies":[{"name":"wp","href":"https:\/\/api.w.org\/{rel}","templated":true}]}}