{"id":196,"date":"2020-02-26T07:04:03","date_gmt":"2020-02-26T07:04:03","guid":{"rendered":"https:\/\/flordearagon.es\/?page_id=196"},"modified":"2021-02-15T21:04:33","modified_gmt":"2021-02-15T21:04:33","slug":"borrador-automatico-4","status":"publish","type":"page","link":"https:\/\/flordearagon.es\/?page_id=196","title":{"rendered":"Mieles"},"content":{"rendered":"<div class=\"vce-row-container\" data-vce-boxed-width=\"true\"><div class=\"vce-row vce-row--col-gap-30 vce-row-columns--top vce-row-content--top\" id=\"el-0465471a\" data-vce-do-apply=\"all el-0465471a\"><div class=\"vce-row-content\" data-vce-element-content=\"true\"><div class=\"vce-col vce-col--md-auto vce-col--xs-1 vce-col--xs-last vce-col--xs-first vce-col--sm-last vce-col--sm-first vce-col--md-first vce-col--lg-first vce-col--xl-first\" id=\"el-44b1d28c\"><div class=\"vce-col-inner\" data-vce-do-apply=\"border margin background  el-44b1d28c\"><div class=\"vce-col-content\" data-vce-element-content=\"true\" data-vce-do-apply=\"padding el-44b1d28c\"><div class=\"vce-google-fonts-heading vce-google-fonts-heading--align-center vce-google-fonts-heading--color-b-10-10-10--45--5C00FF--FF7200 vce-google-fonts-heading--font-family-Rouge-Script\"><div class=\"vce-google-fonts-heading-wrapper\"><div class=\"vce-google-fonts-heading--background vce\" id=\"el-10a67811\" data-vce-do-apply=\"border background  padding margin el-10a67811\"><p class=\"vce-google-fonts-heading-inner\" style=\"font-size: 40px; font-weight: 400;\">Miel de Romero<\/p><\/div><\/div><\/div><div class=\"vce-single-image-container vce-single-image--align-center\"><div class=\"vce vce-single-image-wrapper\" id=\"el-bf7d1115\" data-vce-do-apply=\"all el-bf7d1115\"><figure><div class=\"vce-single-image-inner vce-single-image--absolute\" style=\"padding-bottom: 125%; width: 280px;\"><img loading=\"lazy\" decoding=\"async\" class=\"vce-single-image\" width=\"280\" height=\"350\" src=\"https:\/\/flordearagon.es\/wp-content\/uploads\/2021\/02\/IMG_20200303_175416-280x350.jpg\" srcset=\"https:\/\/flordearagon.es\/wp-content\/uploads\/2021\/02\/IMG_20200303_175416-320x400.jpg 320w,https:\/\/flordearagon.es\/wp-content\/uploads\/2021\/02\/IMG_20200303_175416-480x600.jpg 480w,https:\/\/flordearagon.es\/wp-content\/uploads\/2021\/02\/IMG_20200303_175416-800x1000.jpg 800w,https:\/\/flordearagon.es\/wp-content\/uploads\/2021\/02\/IMG_20200303_175416-280x350.jpg 280w,https:\/\/flordearagon.es\/wp-content\/uploads\/2021\/02\/IMG_20200303_175416-560x700.jpg 2x\" data-img-src=\"https:\/\/flordearagon.es\/wp-content\/uploads\/2020\/03\/IMG_20200303_175416.jpg\" alt=\"\" title=\"IMG_20200303_175416\" \/><\/div><figcaption hidden=\"\"><\/figcaption><\/figure><\/div><\/div><div class=\"vce-text-block\"><div class=\"vce-text-block-wrapper vce\" id=\"el-55fe09d5\" data-vce-do-apply=\"all el-55fe09d5\"><p>&nbsp;<strong><span style=\"font-family: 'Rouge Script'; font-size: 18pt;\">Nuestra miel de romero es una miel muy apreciada dado el sabor especial de esta planta que le transmite un aroma y sabor muy agradable.<\/span><\/strong><\/p><p><strong><span style=\"font-family: 'Rouge Script'; font-size: 18pt;\">La floraci\u00f3n de romero es t\u00edpica en los Monegros, que es la comarca d\u00f3nde principalmente est\u00e1n nuestras colmenas, y se recoge en los meses de marzo a mayo.<\/span><\/strong><\/p><p><strong><span style=\"font-family: 'Rouge Script'; font-size: 18pt;\">Es una miel que vendemos de forma \"cruda\", es decir que no se somete a ning\u00fan proceso tras su cosecha, se deja cristalizar y se llena de forma manual ( a cuchara) cada bote.<\/span><\/strong><\/p><p><strong><span style=\"font-family: 'Rouge Script'; font-size: 18pt;\">Es la miel ideal para tomar en infusiones, leche caliente y por su textura dado que no gotea puede untarse en tostadas o simplemente degustarse directamente .<\/span><\/strong><\/p><p>&nbsp;<\/p><p>&nbsp;<\/p><p>&nbsp;<\/p><\/div><\/div><div class=\"vce-single-image-container vce-single-image--align-left\"><div class=\"vce vce-single-image-wrapper\" id=\"el-a219c2dc\" data-vce-do-apply=\"all el-a219c2dc\"><figure><div class=\"vce-single-image-inner vce-single-image--absolute\" style=\"padding-bottom: 133.333%; width: 768px;\"><img loading=\"lazy\" decoding=\"async\" class=\"vce-single-image\" width=\"768\" height=\"1024\" src=\"https:\/\/flordearagon.es\/wp-content\/uploads\/2021\/02\/thumbnail_IMG_20200305_132848-1-768x1024.jpg\" srcset=\"https:\/\/flordearagon.es\/wp-content\/uploads\/2021\/02\/thumbnail_IMG_20200305_132848-1-320x427.jpg 320w,https:\/\/flordearagon.es\/wp-content\/uploads\/2021\/02\/thumbnail_IMG_20200305_132848-1-480x640.jpg 480w,https:\/\/flordearagon.es\/wp-content\/uploads\/2021\/02\/thumbnail_IMG_20200305_132848-1-768x1024.jpg 768w\" data-img-src=\"https:\/\/flordearagon.es\/wp-content\/uploads\/2021\/02\/thumbnail_IMG_20200305_132848-1.jpg\" alt=\"\" title=\"thumbnail_IMG_20200305_132848\" \/><\/div><figcaption hidden=\"\"><\/figcaption><\/figure><\/div><\/div><\/div><\/div><\/div><div class=\"vce-col vce-col--md-34-57p vce-col--xs-1 vce-col--xs-last vce-col--xs-first vce-col--sm-last vce-col--sm-first\" id=\"el-8229cc6c\"><div class=\"vce-col-inner\" data-vce-do-apply=\"border margin background  el-8229cc6c\"><div class=\"vce-col-content\" data-vce-element-content=\"true\" data-vce-do-apply=\"padding el-8229cc6c\"><div class=\"vce-google-fonts-heading vce-google-fonts-heading--align-center vce-google-fonts-heading--color-b-12-12-12--45--5C00FF--FF7200 vce-google-fonts-heading--font-family-Rouge-Script\"><div class=\"vce-google-fonts-heading-wrapper\"><div class=\"vce-google-fonts-heading--background vce\" id=\"el-470ddb27\" data-vce-do-apply=\"border background  padding margin el-470ddb27\"><p class=\"vce-google-fonts-heading-inner\" style=\"font-size: 40px; font-weight: 400;\">Miel de Flores<\/p><\/div><\/div><\/div><div class=\"vce-single-image-container vce-single-image--align-center\"><div class=\"vce vce-single-image-wrapper\" id=\"el-05fc6333\" data-vce-do-apply=\"all el-05fc6333\"><figure><div class=\"vce-single-image-inner vce-single-image--absolute\" style=\"padding-bottom: 125%; width: 280px;\"><img loading=\"lazy\" decoding=\"async\" class=\"vce-single-image\" width=\"280\" height=\"350\" src=\"https:\/\/flordearagon.es\/wp-content\/uploads\/2021\/02\/IMG_20200303_175728-scaled-280x350.jpg\" srcset=\"https:\/\/flordearagon.es\/wp-content\/uploads\/2021\/02\/IMG_20200303_175728-scaled-320x400.jpg 320w,https:\/\/flordearagon.es\/wp-content\/uploads\/2021\/02\/IMG_20200303_175728-scaled-480x600.jpg 480w,https:\/\/flordearagon.es\/wp-content\/uploads\/2021\/02\/IMG_20200303_175728-scaled-800x1000.jpg 800w,https:\/\/flordearagon.es\/wp-content\/uploads\/2021\/02\/IMG_20200303_175728-scaled-280x350.jpg 280w,https:\/\/flordearagon.es\/wp-content\/uploads\/2021\/02\/IMG_20200303_175728-scaled-560x700.jpg 2x\" data-img-src=\"https:\/\/flordearagon.es\/wp-content\/uploads\/2020\/03\/IMG_20200303_175728-scaled.jpg\" alt=\"\" title=\"IMG_20200303_175728\" \/><\/div><figcaption hidden=\"\"><\/figcaption><\/figure><\/div><\/div><div class=\"vce-text-block\"><div class=\"vce-text-block-wrapper vce\" id=\"el-2f536a6f\" data-vce-do-apply=\"all el-2f536a6f\"><p><strong><span style=\"font-family: 'Rouge Script'; font-size: 18pt;\">Miel de Flores es una miel multifloral que no tiene una flor principal que destaque sobre las dem\u00e1s.<\/span><\/strong><\/p><p><strong><span style=\"font-family: 'Rouge Script'; font-size: 18pt;\">Suele recogerse en los meses de junio a septiembre y por ello su sabor puede variar dependiendo de las floraciones predominantes en cada lugar y temporada (tomillo, salvia, alfalfa,cardo,...)<\/span><\/strong><\/p><p><strong><span style=\"font-family: 'Rouge Script'; font-size: 18pt;\">Dado que no est\u00e1 sometida a un tratamiento de calor que pueda hacerle perder propiedades esta miel puede cristalizarse.<\/span><\/strong><\/p><p><strong><span style=\"font-family: 'Rouge Script'; font-size: 18pt;\">Si quieres tomarla l\u00edquida se recomienda calentar de forma suave, siempre sin someterla a un calor excesivo porque la miel puede perder alguna de sus propiedades.<\/span><\/strong><\/p><p>&nbsp;<\/p><p>&nbsp;<\/p><p>&nbsp;<\/p><p>&nbsp;<\/p><\/div><\/div><div class=\"vce-single-image-container vce-single-image--align-left\"><div class=\"vce vce-single-image-wrapper\" id=\"el-6c03e8ec\" data-vce-do-apply=\"all el-6c03e8ec\"><figure><div class=\"vce-single-image-inner vce-single-image--absolute\" style=\"padding-bottom: 133.333%; width: 768px;\"><img loading=\"lazy\" decoding=\"async\" class=\"vce-single-image\" width=\"768\" height=\"1024\" src=\"https:\/\/flordearagon.es\/wp-content\/uploads\/2021\/02\/thumbnail_IMG_20200305_132904-768x1024.jpg\" srcset=\"https:\/\/flordearagon.es\/wp-content\/uploads\/2021\/02\/thumbnail_IMG_20200305_132904-320x427.jpg 320w,https:\/\/flordearagon.es\/wp-content\/uploads\/2021\/02\/thumbnail_IMG_20200305_132904-480x640.jpg 480w,https:\/\/flordearagon.es\/wp-content\/uploads\/2021\/02\/thumbnail_IMG_20200305_132904-768x1024.jpg 768w\" data-img-src=\"https:\/\/flordearagon.es\/wp-content\/uploads\/2021\/02\/thumbnail_IMG_20200305_132904.jpg\" alt=\"\" title=\"thumbnail_IMG_20200305_132904\" \/><\/div><figcaption hidden=\"\"><\/figcaption><\/figure><\/div><\/div><\/div><\/div><\/div><div class=\"vce-col vce-col--md-32-09p vce-col--xs-1 vce-col--xs-last vce-col--xs-first vce-col--sm-last vce-col--sm-first vce-col--md-last vce-col--lg-last vce-col--xl-last\" id=\"el-9a6a43f0\"><div class=\"vce-col-inner\" data-vce-do-apply=\"border margin background  el-9a6a43f0\"><div class=\"vce-col-content\" data-vce-element-content=\"true\" data-vce-do-apply=\"padding el-9a6a43f0\"><div class=\"vce-google-fonts-heading vce-google-fonts-heading--align-center vce-google-fonts-heading--color-b-10-10-10--45--5C00FF--FF7200 vce-google-fonts-heading--font-family-Rouge-Script\"><div class=\"vce-google-fonts-heading-wrapper\"><div class=\"vce-google-fonts-heading--background vce\" id=\"el-3078c527\" data-vce-do-apply=\"border background  padding margin el-3078c527\"><p class=\"vce-google-fonts-heading-inner\" style=\"font-size: 40px; font-weight: 400;\">Miel de Tomillo<\/p><\/div><\/div><\/div><div class=\"vce-single-image-container vce-single-image--align-center\"><div class=\"vce vce-single-image-wrapper\" id=\"el-c2be4fca\" data-vce-do-apply=\"all el-c2be4fca\"><figure><div class=\"vce-single-image-inner vce-single-image--absolute\" style=\"padding-bottom: 75%; width: 1024px;\"><img loading=\"lazy\" decoding=\"async\" class=\"vce-single-image\" width=\"1024\" height=\"768\" src=\"https:\/\/flordearagon.es\/wp-content\/uploads\/2021\/02\/thumbnail_IMG_20210215_131115-1-1024x768.jpg\" srcset=\"https:\/\/flordearagon.es\/wp-content\/uploads\/2021\/02\/thumbnail_IMG_20210215_131115-1-320x240.jpg 320w,https:\/\/flordearagon.es\/wp-content\/uploads\/2021\/02\/thumbnail_IMG_20210215_131115-1-480x360.jpg 480w,https:\/\/flordearagon.es\/wp-content\/uploads\/2021\/02\/thumbnail_IMG_20210215_131115-1-800x600.jpg 800w,https:\/\/flordearagon.es\/wp-content\/uploads\/2021\/02\/thumbnail_IMG_20210215_131115-1-1024x768.jpg 1024w\" data-img-src=\"https:\/\/flordearagon.es\/wp-content\/uploads\/2021\/02\/thumbnail_IMG_20210215_131115-1.jpg\" alt=\"\" title=\"thumbnail_IMG_20210215_131115\" \/><\/div><figcaption hidden=\"\"><\/figcaption><\/figure><\/div><\/div><div class=\"vce-text-block\"><div class=\"vce-text-block-wrapper vce\" id=\"el-533d460d\" data-vce-do-apply=\"all el-533d460d\"><\/div><\/div><div class=\"vce-text-block\"><div class=\"vce-text-block-wrapper vce\" id=\"el-a6b11f9f\" data-vce-do-apply=\"all el-a6b11f9f\"><p><strong><span style=\"font-family: 'Rouge Script'; font-size: 18pt;\">La miel de tomillo tiene un intenso aroma y sabor, a veces dado que coincide alg\u00fan tiempo con el romero se suele encontrar mezcla de ambas, y luego conforme avanza mayo ser\u00e1 cada vez m\u00e1s predominante el tomillo.<\/span><\/strong><\/p><p><span style=\"font-family: Rouge Script;\"><span style=\"font-size: 24px;\"><b>Es una miel apropiada para aquellos que buscan m\u00e1s \"dulzor\", m\u00e1s fuerza en el sabor .<\/b><\/span><\/span><\/p><p><strong><span style=\"font-family: 'Rouge Script'; font-size: 18pt;\">Es una miel que como el romero siempre envasamos tradicionalmente y excepto en las semanas siguientes a su extracci\u00f3n , la encontraremos cristalizada para mantener todo su aroma y propiedades.<\/span><\/strong><\/p><p><strong><span style=\"font-family: 'Rouge Script'; font-size: 18pt;\">Como la miel de romero , si la queremos tomar l\u00edquida deberemos aplicarle calor, lo m\u00e1s suave posible hasta que se vuelva l\u00edquida. Como debe\u00eds saber la miel calentada en exceso pierde propiedades y aromas.<\/span><\/strong><\/p><p>&nbsp;<\/p><p>&nbsp;<\/p><\/div><\/div><div class=\"vce-single-image-container vce-single-image--align-left\"><div class=\"vce vce-single-image-wrapper\" id=\"el-f819f49f\" data-vce-do-apply=\"all el-f819f49f\"><figure><div class=\"vce-single-image-inner vce-single-image--absolute\" style=\"padding-bottom: 133.333%; width: 768px;\"><img loading=\"lazy\" decoding=\"async\" class=\"vce-single-image\" width=\"768\" height=\"1024\" src=\"https:\/\/flordearagon.es\/wp-content\/uploads\/2021\/02\/thumbnail_IMG_20210215_131301-768x1024.jpg\" srcset=\"https:\/\/flordearagon.es\/wp-content\/uploads\/2021\/02\/thumbnail_IMG_20210215_131301-320x427.jpg 320w,https:\/\/flordearagon.es\/wp-content\/uploads\/2021\/02\/thumbnail_IMG_20210215_131301-480x640.jpg 480w,https:\/\/flordearagon.es\/wp-content\/uploads\/2021\/02\/thumbnail_IMG_20210215_131301-768x1024.jpg 768w\" data-img-src=\"https:\/\/flordearagon.es\/wp-content\/uploads\/2021\/02\/thumbnail_IMG_20210215_131301.jpg\" alt=\"\" title=\"thumbnail_IMG_20210215_131301\" \/><\/div><figcaption hidden=\"\"><\/figcaption><\/figure><\/div><\/div><\/div><\/div><\/div><\/div><\/div><\/div><div class=\"vce-row-container\" data-vce-boxed-width=\"true\"><div class=\"vce-row vce-row--col-gap-30 vce-row-columns--top vce-row-content--top\" id=\"el-419de92e\" data-vce-do-apply=\"all el-419de92e\"><div class=\"vce-row-content\" data-vce-element-content=\"true\"><div class=\"vce-col vce-col--md-auto vce-col--xs-1 vce-col--xs-last vce-col--xs-first vce-col--sm-last vce-col--sm-first vce-col--md-first vce-col--lg-first vce-col--xl-first\" id=\"el-934896fe\"><div class=\"vce-col-inner\" data-vce-do-apply=\"border margin background  el-934896fe\"><div class=\"vce-col-content\" data-vce-element-content=\"true\" data-vce-do-apply=\"padding el-934896fe\"><\/div><\/div><\/div><div class=\"vce-col vce-col--md-auto vce-col--xs-1 vce-col--xs-last vce-col--xs-first vce-col--sm-last vce-col--sm-first vce-col--md-last vce-col--lg-last vce-col--xl-last\" id=\"el-0e655127\"><div class=\"vce-col-inner\" data-vce-do-apply=\"border margin background  el-0e655127\"><div class=\"vce-col-content\" data-vce-element-content=\"true\" data-vce-do-apply=\"padding el-0e655127\"><\/div><\/div><\/div><\/div><\/div><\/div><div class=\"vce-row-container\" data-vce-boxed-width=\"true\"><div class=\"vce-row vce-row--col-gap-30 vce-row-equal-height vce-row-columns--top vce-row-content--top\" id=\"el-e077942d\" data-vce-do-apply=\"all el-e077942d\"><div class=\"vce-row-content\" data-vce-element-content=\"true\"><div class=\"vce-col vce-col--md-auto vce-col--xs-1 vce-col--xs-last vce-col--xs-first vce-col--sm-last vce-col--sm-first vce-col--md-first vce-col--lg-first vce-col--xl-first\" id=\"el-c3376f53\"><div class=\"vce-col-inner\" data-vce-do-apply=\"border margin background  el-c3376f53\"><div class=\"vce-col-content\" data-vce-element-content=\"true\" data-vce-do-apply=\"padding el-c3376f53\"><\/div><\/div><\/div><div class=\"vce-col vce-col--md-auto vce-col--xs-1 vce-col--xs-last vce-col--xs-first vce-col--sm-last vce-col--sm-first\" id=\"el-e183bdd1\"><div class=\"vce-col-inner\" data-vce-do-apply=\"border margin background  el-e183bdd1\"><div class=\"vce-col-content\" data-vce-element-content=\"true\" data-vce-do-apply=\"padding el-e183bdd1\"><\/div><\/div><\/div><div class=\"vce-col vce-col--md-auto vce-col--xs-1 vce-col--xs-last vce-col--xs-first vce-col--sm-last vce-col--sm-first vce-col--md-last vce-col--lg-last vce-col--xl-last\" id=\"el-16d68e6d\"><div class=\"vce-col-inner\" data-vce-do-apply=\"border margin background  el-16d68e6d\"><div class=\"vce-col-content\" data-vce-element-content=\"true\" data-vce-do-apply=\"padding el-16d68e6d\"><\/div><\/div><\/div><\/div><\/div><\/div>\n","protected":false},"excerpt":{"rendered":"<p>Miel de Romero&nbsp;Nuestra miel de romero es una miel muy apreciada dado el sabor especial de esta planta que le transmite un aroma y sabor muy agradable.La floraci\u00f3n de romero es t\u00edpica en los Monegros, que es la comarca d\u00f3nde principalmente est\u00e1n nuestras colmenas, y se recoge en los meses de marzo a mayo.Es una [&hellip;]<\/p>\n","protected":false},"author":1,"featured_media":0,"parent":0,"menu_order":0,"comment_status":"closed","ping_status":"closed","template":"","meta":{"footnotes":""},"class_list":["post-196","page","type-page","status-publish","hentry"],"yoast_head":"<!-- This site is optimized with the Yoast SEO plugin v18.1 - https:\/\/yoast.com\/wordpress\/plugins\/seo\/ -->\n<title>Mieles - Flor de Arag\u00f3n<\/title>\n<meta name=\"description\" content=\"miel cruda venta artesana Arag\u00f3n\" \/>\n<meta name=\"robots\" content=\"index, follow, max-snippet:-1, max-image-preview:large, max-video-preview:-1\" \/>\n<link rel=\"canonical\" href=\"https:\/\/flordearagon.es\/?page_id=196\" \/>\n<meta property=\"og:locale\" content=\"es_ES\" \/>\n<meta property=\"og:type\" content=\"article\" \/>\n<meta property=\"og:title\" content=\"Mieles - Flor de Arag\u00f3n\" \/>\n<meta property=\"og:description\" content=\"miel cruda venta artesana Arag\u00f3n\" \/>\n<meta property=\"og:url\" content=\"https:\/\/flordearagon.es\/?page_id=196\" \/>\n<meta property=\"og:site_name\" content=\"Flor de Arag\u00f3n\" \/>\n<meta property=\"article:modified_time\" content=\"2021-02-15T21:04:33+00:00\" \/>\n<meta property=\"og:image\" content=\"http:\/\/|!|vcvUploadUrl|!|\/2021\/02\/IMG_20200303_175416-280x350.jpg\" \/>\n<meta name=\"twitter:card\" content=\"summary_large_image\" \/>\n<meta name=\"twitter:label1\" content=\"Tiempo de lectura\" \/>\n\t<meta name=\"twitter:data1\" content=\"2 minutos\" \/>\n<script type=\"application\/ld+json\" class=\"yoast-schema-graph\">{\"@context\":\"https:\/\/schema.org\",\"@graph\":[{\"@type\":\"Organization\",\"@id\":\"https:\/\/flordearagon.es\/#organization\",\"name\":\"Flor de Arag\u00f3n\",\"url\":\"https:\/\/flordearagon.es\/\",\"sameAs\":[],\"logo\":{\"@type\":\"ImageObject\",\"@id\":\"https:\/\/flordearagon.es\/#logo\",\"inLanguage\":\"es\",\"url\":\"https:\/\/flordearagon.es\/wp-content\/uploads\/2020\/02\/FlorDeAragonFamiliaVidal-1.png\",\"contentUrl\":\"https:\/\/flordearagon.es\/wp-content\/uploads\/2020\/02\/FlorDeAragonFamiliaVidal-1.png\",\"width\":600,\"height\":600,\"caption\":\"Flor de Arag\u00f3n\"},\"image\":{\"@id\":\"https:\/\/flordearagon.es\/#logo\"}},{\"@type\":\"WebSite\",\"@id\":\"https:\/\/flordearagon.es\/#website\",\"url\":\"https:\/\/flordearagon.es\/\",\"name\":\"Flor de Arag\u00f3n\",\"description\":\"Miel artesana de cosecha propia\",\"publisher\":{\"@id\":\"https:\/\/flordearagon.es\/#organization\"},\"potentialAction\":[{\"@type\":\"SearchAction\",\"target\":{\"@type\":\"EntryPoint\",\"urlTemplate\":\"https:\/\/flordearagon.es\/?s={search_term_string}\"},\"query-input\":\"required name=search_term_string\"}],\"inLanguage\":\"es\"},{\"@type\":\"ImageObject\",\"@id\":\"https:\/\/flordearagon.es\/?page_id=196#primaryimage\",\"inLanguage\":\"es\",\"url\":\"|!|vcvUploadUrl|!|\/2021\/02\/IMG_20200303_175416-280x350.jpg\",\"contentUrl\":\"|!|vcvUploadUrl|!|\/2021\/02\/IMG_20200303_175416-280x350.jpg\"},{\"@type\":\"WebPage\",\"@id\":\"https:\/\/flordearagon.es\/?page_id=196#webpage\",\"url\":\"https:\/\/flordearagon.es\/?page_id=196\",\"name\":\"Mieles - Flor de Arag\u00f3n\",\"isPartOf\":{\"@id\":\"https:\/\/flordearagon.es\/#website\"},\"primaryImageOfPage\":{\"@id\":\"https:\/\/flordearagon.es\/?page_id=196#primaryimage\"},\"datePublished\":\"2020-02-26T07:04:03+00:00\",\"dateModified\":\"2021-02-15T21:04:33+00:00\",\"description\":\"miel cruda venta artesana Arag\u00f3n\",\"breadcrumb\":{\"@id\":\"https:\/\/flordearagon.es\/?page_id=196#breadcrumb\"},\"inLanguage\":\"es\",\"potentialAction\":[{\"@type\":\"ReadAction\",\"target\":[\"https:\/\/flordearagon.es\/?page_id=196\"]}]},{\"@type\":\"BreadcrumbList\",\"@id\":\"https:\/\/flordearagon.es\/?page_id=196#breadcrumb\",\"itemListElement\":[{\"@type\":\"ListItem\",\"position\":1,\"name\":\"Portada\",\"item\":\"https:\/\/flordearagon.es\/\"},{\"@type\":\"ListItem\",\"position\":2,\"name\":\"Mieles\"}]}]}<\/script>\n<!-- \/ Yoast SEO plugin. -->","yoast_head_json":{"title":"Mieles - Flor de Arag\u00f3n","description":"miel cruda venta artesana Arag\u00f3n","robots":{"index":"index","follow":"follow","max-snippet":"max-snippet:-1","max-image-preview":"max-image-preview:large","max-video-preview":"max-video-preview:-1"},"canonical":"https:\/\/flordearagon.es\/?page_id=196","og_locale":"es_ES","og_type":"article","og_title":"Mieles - Flor de Arag\u00f3n","og_description":"miel cruda venta artesana Arag\u00f3n","og_url":"https:\/\/flordearagon.es\/?page_id=196","og_site_name":"Flor de Arag\u00f3n","article_modified_time":"2021-02-15T21:04:33+00:00","og_image":[{"url":"|!|vcvUploadUrl|!|\/2021\/02\/IMG_20200303_175416-280x350.jpg"}],"twitter_card":"summary_large_image","twitter_misc":{"Tiempo de lectura":"2 minutos"},"schema":{"@context":"https:\/\/schema.org","@graph":[{"@type":"Organization","@id":"https:\/\/flordearagon.es\/#organization","name":"Flor de Arag\u00f3n","url":"https:\/\/flordearagon.es\/","sameAs":[],"logo":{"@type":"ImageObject","@id":"https:\/\/flordearagon.es\/#logo","inLanguage":"es","url":"https:\/\/flordearagon.es\/wp-content\/uploads\/2020\/02\/FlorDeAragonFamiliaVidal-1.png","contentUrl":"https:\/\/flordearagon.es\/wp-content\/uploads\/2020\/02\/FlorDeAragonFamiliaVidal-1.png","width":600,"height":600,"caption":"Flor de Arag\u00f3n"},"image":{"@id":"https:\/\/flordearagon.es\/#logo"}},{"@type":"WebSite","@id":"https:\/\/flordearagon.es\/#website","url":"https:\/\/flordearagon.es\/","name":"Flor de Arag\u00f3n","description":"Miel artesana de cosecha propia","publisher":{"@id":"https:\/\/flordearagon.es\/#organization"},"potentialAction":[{"@type":"SearchAction","target":{"@type":"EntryPoint","urlTemplate":"https:\/\/flordearagon.es\/?s={search_term_string}"},"query-input":"required name=search_term_string"}],"inLanguage":"es"},{"@type":"ImageObject","@id":"https:\/\/flordearagon.es\/?page_id=196#primaryimage","inLanguage":"es","url":"|!|vcvUploadUrl|!|\/2021\/02\/IMG_20200303_175416-280x350.jpg","contentUrl":"|!|vcvUploadUrl|!|\/2021\/02\/IMG_20200303_175416-280x350.jpg"},{"@type":"WebPage","@id":"https:\/\/flordearagon.es\/?page_id=196#webpage","url":"https:\/\/flordearagon.es\/?page_id=196","name":"Mieles - Flor de Arag\u00f3n","isPartOf":{"@id":"https:\/\/flordearagon.es\/#website"},"primaryImageOfPage":{"@id":"https:\/\/flordearagon.es\/?page_id=196#primaryimage"},"datePublished":"2020-02-26T07:04:03+00:00","dateModified":"2021-02-15T21:04:33+00:00","description":"miel cruda venta artesana Arag\u00f3n","breadcrumb":{"@id":"https:\/\/flordearagon.es\/?page_id=196#breadcrumb"},"inLanguage":"es","potentialAction":[{"@type":"ReadAction","target":["https:\/\/flordearagon.es\/?page_id=196"]}]},{"@type":"BreadcrumbList","@id":"https:\/\/flordearagon.es\/?page_id=196#breadcrumb","itemListElement":[{"@type":"ListItem","position":1,"name":"Portada","item":"https:\/\/flordearagon.es\/"},{"@type":"ListItem","position":2,"name":"Mieles"}]}]}},"_links":{"self":[{"href":"https:\/\/flordearagon.es\/index.php?rest_route=\/wp\/v2\/pages\/196","targetHints":{"allow":["GET"]}}],"collection":[{"href":"https:\/\/flordearagon.es\/index.php?rest_route=\/wp\/v2\/pages"}],"about":[{"href":"https:\/\/flordearagon.es\/index.php?rest_route=\/wp\/v2\/types\/page"}],"author":[{"embeddable":true,"href":"https:\/\/flordearagon.es\/index.php?rest_route=\/wp\/v2\/users\/1"}],"replies":[{"embeddable":true,"href":"https:\/\/flordearagon.es\/index.php?rest_route=%2Fwp%2Fv2%2Fcomments&post=196"}],"version-history":[{"count":11,"href":"https:\/\/flordearagon.es\/index.php?rest_route=\/wp\/v2\/pages\/196\/revisions"}],"predecessor-version":[{"id":348,"href":"https:\/\/flordearagon.es\/index.php?rest_route=\/wp\/v2\/pages\/196\/revisions\/348"}],"wp:attachment":[{"href":"https:\/\/flordearagon.es\/index.php?rest_route=%2Fwp%2Fv2%2Fmedia&parent=196"}],"curies":[{"name":"wp","href":"https:\/\/api.w.org\/{rel}","templated":true}]}}